{"id":9,"date":"2025-02-10T15:23:20","date_gmt":"2025-02-10T14:23:20","guid":{"rendered":"http:\/\/bsiizmw.cluster100.hosting.ovh.net\/?page_id=9"},"modified":"2026-01-12T17:19:56","modified_gmt":"2026-01-12T16:19:56","slug":"a-propos","status":"publish","type":"page","link":"https:\/\/emmaricochastel.com\/index.php\/a-propos\/","title":{"rendered":"\u00c0 propos"},"content":{"rendered":"\n<div class=\"wp-block-group alignwide is-layout-flow wp-block-group-is-layout-flow\">\n<p><strong>DEMARCHE<\/strong><\/p>\n\n\n\n<p>J&rsquo;ai une pratique de la peinture, du dessin et de la photographie sur diff\u00e9rentes surfaces qui me sert d&rsquo;interrogation sur le fonctionnement de la m\u00e9moire et de ses m\u00e9canismes sensoriels, cognitifs et psycho-affectifs. Mon int\u00e9r\u00eat se situe dans les syst\u00e8mes qui permettent d&rsquo;organiser, de hi\u00e9rarchiser un sch\u00e9ma perceptif (les sens) et inconscient (les topiques). Pour cela, je proc\u00e8de par couches, par juxtaposition, par effacement, absorption et transparence. J&rsquo;accorde une attention particuli\u00e8re \u00e0 la couleur, \u00e0 ses vibrations et aux dialogues qu\u2019elle \u00e9tablit au contact d\u2019autres teintes.<br>J&rsquo;aborde des notions telles que l\u2019oubli, le d\u00e9ni, la complaisance et la r\u00e9\u00e9criture des histoires qu\u2019elles soient personnelles&nbsp;ou collectives. Le rapport d\u2019\u00e9chelle me questionne \u00e9galement sur la place qu\u2019on lui accorde dans nos espaces communs, comment on se l\u2019approprie et le restitue pour justifier un r\u00e9cit.<br>Ces th\u00e9matiques se refl\u00e8tent dans ma pratique picturale, o\u00f9 les effets de styles deviennent autant de m\u00e9taphores des m\u00e9canismes de m\u00e9moire entre ce qui reste et ce qui n&rsquo;est plus.<br>Ma peinture a des accents oniriques par ses topiques qui se confondent. On se souvient des histoires qui nous arrangent mais dans le r\u00eave, c\u2019est souvent ce qui d\u00e9range qui revendique notre lien au r\u00e9el.<\/p>\n\n\n\n<p><\/p>\n\n\n\n<div class=\"wp-block-columns is-layout-flex wp-container-core-columns-is-layout-28f84493 wp-block-columns-is-layout-flex\">\n<div class=\"wp-block-column is-layout-flow wp-block-column-is-layout-flow\" style=\"flex-basis:66.66%\">\n<figure class=\"wp-block-image size-full\"><img loading=\"lazy\" decoding=\"async\" width=\"1815\" height=\"2560\" src=\"http:\/\/bsiizmw.cluster100.hosting.ovh.net\/wp-content\/uploads\/2025\/02\/painting_web_lechantdugeant_02-scaled.jpg\" alt=\"\" class=\"wp-image-225\" srcset=\"https:\/\/emmaricochastel.com\/wp-content\/uploads\/2025\/02\/painting_web_lechantdugeant_02-scaled.jpg 1815w, https:\/\/emmaricochastel.com\/wp-content\/uploads\/2025\/02\/painting_web_lechantdugeant_02-213x300.jpg 213w, https:\/\/emmaricochastel.com\/wp-content\/uploads\/2025\/02\/painting_web_lechantdugeant_02-726x1024.jpg 726w, https:\/\/emmaricochastel.com\/wp-content\/uploads\/2025\/02\/painting_web_lechantdugeant_02-768x1083.jpg 768w, https:\/\/emmaricochastel.com\/wp-content\/uploads\/2025\/02\/painting_web_lechantdugeant_02-1089x1536.jpg 1089w, https:\/\/emmaricochastel.com\/wp-content\/uploads\/2025\/02\/painting_web_lechantdugeant_02-1452x2048.jpg 1452w\" sizes=\"auto, (max-width: 1815px) 100vw, 1815px\" \/><\/figure>\n\n\n\n<figure class=\"wp-block-image size-full\"><img loading=\"lazy\" decoding=\"async\" width=\"2107\" height=\"1981\" src=\"http:\/\/bsiizmw.cluster100.hosting.ovh.net\/wp-content\/uploads\/2025\/02\/LeChantduGeant_NB_web.jpg\" alt=\"\" class=\"wp-image-232\" srcset=\"https:\/\/emmaricochastel.com\/wp-content\/uploads\/2025\/02\/LeChantduGeant_NB_web.jpg 2107w, https:\/\/emmaricochastel.com\/wp-content\/uploads\/2025\/02\/LeChantduGeant_NB_web-300x282.jpg 300w, https:\/\/emmaricochastel.com\/wp-content\/uploads\/2025\/02\/LeChantduGeant_NB_web-1024x963.jpg 1024w, https:\/\/emmaricochastel.com\/wp-content\/uploads\/2025\/02\/LeChantduGeant_NB_web-768x722.jpg 768w, https:\/\/emmaricochastel.com\/wp-content\/uploads\/2025\/02\/LeChantduGeant_NB_web-1536x1444.jpg 1536w, https:\/\/emmaricochastel.com\/wp-content\/uploads\/2025\/02\/LeChantduGeant_NB_web-2048x1926.jpg 2048w\" sizes=\"auto, (max-width: 2107px) 100vw, 2107px\" \/><\/figure>\n<\/div>\n\n\n\n<div class=\"wp-block-column is-layout-flow wp-block-column-is-layout-flow\"><\/div>\n\n\n\n<div class=\"wp-block-column is-layout-flow wp-block-column-is-layout-flow\" style=\"flex-basis:33.33%\">\n<p><strong>BIOGRAPHIE<\/strong><\/p>\n\n\n\n<p>De l&rsquo;intime et ce qui ne se dit pas, j&rsquo;en ai fait des m\u00e9tiers, \u00eatre artiste peintre et art-th\u00e9rapeute. Les deux consistent \u00e0 faire exister ce qui se tait.<br><br>R\u00e9sidente de l&rsquo;atelier Seruse \u00e0 Marseille depuis 2015, j&rsquo;\u00e9quilibre ma pratique picturale en faisant un pas de c\u00f4t\u00e9 \u00e0 chaque s\u00e9ance d&rsquo;Art-th\u00e9rapie o\u00f9 je confie \u00e0 l&rsquo;Art le soin de l&rsquo;\u00catre. <br><br>Le processus artistique, je l&rsquo;exp\u00e9rimente au regard de mes \u0153uvres pour ressentir et exprimer ce qui chez moi est un ordre sensoriel concomitant \u00e0 une injonction \u00e0 faire existence. Comme une pulsion du devenir et du tangible.<br><br>Repr\u00e9sent\u00e9e par la galerie Le Container et pr\u00e9c\u00e9demment par la galerie Ars Longa, je participe ponctuellement \u00e0 des expositions collectives. Pour des projets sp\u00e9cifiques, je r\u00e9alise des fresques, ce qui me permet de me d\u00e9ployer corporellement et d&rsquo;avoir une approche synth\u00e9tique adapt\u00e9e \u00e0 la demande et \u00e0 mon style.<br><br>En 2019, je cr\u00e9e un rendez-vous photographique du nom de Nature Humaine car l&rsquo;image est une r\u00e9sistance \u00e0 l&rsquo;oubli autant qu&rsquo;un hommage \u00e0 l&rsquo;instant.<\/p>\n\n\n\n<div class=\"wp-block-file\"><a id=\"wp-block-file--media-20bfbb6d-a44c-4f87-ab89-00fbe78a1f71\" href=\"https:\/\/emmaricochastel.com\/wp-content\/uploads\/2025\/02\/DossierArtistique_EmmaRicoChastel_low.pdf\">Dossier Artistique Emma RicoChastel<\/a><\/div>\n<\/div>\n<\/div>\n<\/div>\n","protected":false},"excerpt":{"rendered":"<p>DEMARCHE J&rsquo;ai une pratique de la peinture, du dessin et de la photographie sur diff\u00e9rentes surfaces qui me sert d&rsquo;interrogation sur le fonctionnement de la m\u00e9moire et de ses m\u00e9canismes sensoriels, cognitifs et psycho-affectifs. Mon int\u00e9r\u00eat se situe dans les syst\u00e8mes qui permettent d&rsquo;organiser, de hi\u00e9rarchiser un sch\u00e9ma perceptif (les sens) et inconscient (les topiques). [&hellip;]<\/p>\n","protected":false},"author":1,"featured_media":0,"parent":0,"menu_order":0,"comment_status":"closed","ping_status":"closed","template":"","meta":{"footnotes":""},"class_list":["post-9","page","type-page","status-publish","hentry"],"yoast_head":"<!-- This site is optimized with the Yoast SEO plugin v24.4 - https:\/\/yoast.com\/wordpress\/plugins\/seo\/ -->\n<title>\u00c0 propos - Emma RICO CHASTEL<\/title>\n<meta name=\"robots\" content=\"index, follow, max-snippet:-1, max-image-preview:large, max-video-preview:-1\" \/>\n<link rel=\"canonical\" href=\"https:\/\/emmaricochastel.com\/index.php\/a-propos\/\" \/>\n<meta property=\"og:locale\" content=\"fr_FR\" \/>\n<meta property=\"og:type\" content=\"article\" \/>\n<meta property=\"og:title\" content=\"\u00c0 propos - Emma RICO CHASTEL\" \/>\n<meta property=\"og:description\" content=\"DEMARCHE J&rsquo;ai une pratique de la peinture, du dessin et de la photographie sur diff\u00e9rentes surfaces qui me sert d&rsquo;interrogation sur le fonctionnement de la m\u00e9moire et de ses m\u00e9canismes sensoriels, cognitifs et psycho-affectifs. Mon int\u00e9r\u00eat se situe dans les syst\u00e8mes qui permettent d&rsquo;organiser, de hi\u00e9rarchiser un sch\u00e9ma perceptif (les sens) et inconscient (les topiques). [&hellip;]\" \/>\n<meta property=\"og:url\" content=\"https:\/\/emmaricochastel.com\/index.php\/a-propos\/\" \/>\n<meta property=\"og:site_name\" content=\"Emma RICO CHASTEL\" \/>\n<meta property=\"article:modified_time\" content=\"2026-01-12T16:19:56+00:00\" \/>\n<meta property=\"og:image\" content=\"https:\/\/emmaricochastel.com\/wp-content\/uploads\/2025\/02\/painting_web_lechantdugeant_02-scaled.jpg\" \/>\n\t<meta property=\"og:image:width\" content=\"1815\" \/>\n\t<meta property=\"og:image:height\" content=\"2560\" \/>\n\t<meta property=\"og:image:type\" content=\"image\/jpeg\" \/>\n<meta name=\"twitter:card\" content=\"summary_large_image\" \/>\n<meta name=\"twitter:label1\" content=\"Dur\u00e9e de lecture estim\u00e9e\" \/>\n\t<meta name=\"twitter:data1\" content=\"3 minutes\" \/>\n<script type=\"application\/ld+json\" class=\"yoast-schema-graph\">{\"@context\":\"https:\/\/schema.org\",\"@graph\":[{\"@type\":\"WebPage\",\"@id\":\"https:\/\/emmaricochastel.com\/index.php\/a-propos\/\",\"url\":\"https:\/\/emmaricochastel.com\/index.php\/a-propos\/\",\"name\":\"\u00c0 propos - Emma RICO CHASTEL\",\"isPartOf\":{\"@id\":\"https:\/\/emmaricochastel.com\/#website\"},\"primaryImageOfPage\":{\"@id\":\"https:\/\/emmaricochastel.com\/index.php\/a-propos\/#primaryimage\"},\"image\":{\"@id\":\"https:\/\/emmaricochastel.com\/index.php\/a-propos\/#primaryimage\"},\"thumbnailUrl\":\"http:\/\/bsiizmw.cluster100.hosting.ovh.net\/wp-content\/uploads\/2025\/02\/painting_web_lechantdugeant_02-scaled.jpg\",\"datePublished\":\"2025-02-10T14:23:20+00:00\",\"dateModified\":\"2026-01-12T16:19:56+00:00\",\"breadcrumb\":{\"@id\":\"https:\/\/emmaricochastel.com\/index.php\/a-propos\/#breadcrumb\"},\"inLanguage\":\"fr-FR\",\"potentialAction\":[{\"@type\":\"ReadAction\",\"target\":[\"https:\/\/emmaricochastel.com\/index.php\/a-propos\/\"]}]},{\"@type\":\"ImageObject\",\"inLanguage\":\"fr-FR\",\"@id\":\"https:\/\/emmaricochastel.com\/index.php\/a-propos\/#primaryimage\",\"url\":\"http:\/\/bsiizmw.cluster100.hosting.ovh.net\/wp-content\/uploads\/2025\/02\/painting_web_lechantdugeant_02-scaled.jpg\",\"contentUrl\":\"http:\/\/bsiizmw.cluster100.hosting.ovh.net\/wp-content\/uploads\/2025\/02\/painting_web_lechantdugeant_02-scaled.jpg\"},{\"@type\":\"BreadcrumbList\",\"@id\":\"https:\/\/emmaricochastel.com\/index.php\/a-propos\/#breadcrumb\",\"itemListElement\":[{\"@type\":\"ListItem\",\"position\":1,\"name\":\"Accueil\",\"item\":\"https:\/\/emmaricochastel.com\/\"},{\"@type\":\"ListItem\",\"position\":2,\"name\":\"\u00c0 propos\"}]},{\"@type\":\"WebSite\",\"@id\":\"https:\/\/emmaricochastel.com\/#website\",\"url\":\"https:\/\/emmaricochastel.com\/\",\"name\":\"Emma RICO CHASTEL\",\"description\":\"Nature Peinture\",\"publisher\":{\"@id\":\"https:\/\/emmaricochastel.com\/#organization\"},\"potentialAction\":[{\"@type\":\"SearchAction\",\"target\":{\"@type\":\"EntryPoint\",\"urlTemplate\":\"https:\/\/emmaricochastel.com\/?s={search_term_string}\"},\"query-input\":{\"@type\":\"PropertyValueSpecification\",\"valueRequired\":true,\"valueName\":\"search_term_string\"}}],\"inLanguage\":\"fr-FR\"},{\"@type\":\"Organization\",\"@id\":\"https:\/\/emmaricochastel.com\/#organization\",\"name\":\"Emma RICO CHASTEL\",\"url\":\"https:\/\/emmaricochastel.com\/\",\"logo\":{\"@type\":\"ImageObject\",\"inLanguage\":\"fr-FR\",\"@id\":\"https:\/\/emmaricochastel.com\/#\/schema\/logo\/image\/\",\"url\":\"https:\/\/emmaricochastel.com\/wp-content\/uploads\/2025\/02\/IMG_5054-scaled.jpeg\",\"contentUrl\":\"https:\/\/emmaricochastel.com\/wp-content\/uploads\/2025\/02\/IMG_5054-scaled.jpeg\",\"width\":1920,\"height\":2560,\"caption\":\"Emma RICO CHASTEL\"},\"image\":{\"@id\":\"https:\/\/emmaricochastel.com\/#\/schema\/logo\/image\/\"},\"sameAs\":[\"https:\/\/www.instagram.com\/emma_ricochastel\"]}]}<\/script>\n<!-- \/ Yoast SEO plugin. -->","yoast_head_json":{"title":"\u00c0 propos - Emma RICO CHASTEL","robots":{"index":"index","follow":"follow","max-snippet":"max-snippet:-1","max-image-preview":"max-image-preview:large","max-video-preview":"max-video-preview:-1"},"canonical":"https:\/\/emmaricochastel.com\/index.php\/a-propos\/","og_locale":"fr_FR","og_type":"article","og_title":"\u00c0 propos - Emma RICO CHASTEL","og_description":"DEMARCHE J&rsquo;ai une pratique de la peinture, du dessin et de la photographie sur diff\u00e9rentes surfaces qui me sert d&rsquo;interrogation sur le fonctionnement de la m\u00e9moire et de ses m\u00e9canismes sensoriels, cognitifs et psycho-affectifs. Mon int\u00e9r\u00eat se situe dans les syst\u00e8mes qui permettent d&rsquo;organiser, de hi\u00e9rarchiser un sch\u00e9ma perceptif (les sens) et inconscient (les topiques). [&hellip;]","og_url":"https:\/\/emmaricochastel.com\/index.php\/a-propos\/","og_site_name":"Emma RICO CHASTEL","article_modified_time":"2026-01-12T16:19:56+00:00","og_image":[{"width":1815,"height":2560,"url":"https:\/\/emmaricochastel.com\/wp-content\/uploads\/2025\/02\/painting_web_lechantdugeant_02-scaled.jpg","type":"image\/jpeg"}],"twitter_card":"summary_large_image","twitter_misc":{"Dur\u00e9e de lecture estim\u00e9e":"3 minutes"},"schema":{"@context":"https:\/\/schema.org","@graph":[{"@type":"WebPage","@id":"https:\/\/emmaricochastel.com\/index.php\/a-propos\/","url":"https:\/\/emmaricochastel.com\/index.php\/a-propos\/","name":"\u00c0 propos - Emma RICO CHASTEL","isPartOf":{"@id":"https:\/\/emmaricochastel.com\/#website"},"primaryImageOfPage":{"@id":"https:\/\/emmaricochastel.com\/index.php\/a-propos\/#primaryimage"},"image":{"@id":"https:\/\/emmaricochastel.com\/index.php\/a-propos\/#primaryimage"},"thumbnailUrl":"http:\/\/bsiizmw.cluster100.hosting.ovh.net\/wp-content\/uploads\/2025\/02\/painting_web_lechantdugeant_02-scaled.jpg","datePublished":"2025-02-10T14:23:20+00:00","dateModified":"2026-01-12T16:19:56+00:00","breadcrumb":{"@id":"https:\/\/emmaricochastel.com\/index.php\/a-propos\/#breadcrumb"},"inLanguage":"fr-FR","potentialAction":[{"@type":"ReadAction","target":["https:\/\/emmaricochastel.com\/index.php\/a-propos\/"]}]},{"@type":"ImageObject","inLanguage":"fr-FR","@id":"https:\/\/emmaricochastel.com\/index.php\/a-propos\/#primaryimage","url":"http:\/\/bsiizmw.cluster100.hosting.ovh.net\/wp-content\/uploads\/2025\/02\/painting_web_lechantdugeant_02-scaled.jpg","contentUrl":"http:\/\/bsiizmw.cluster100.hosting.ovh.net\/wp-content\/uploads\/2025\/02\/painting_web_lechantdugeant_02-scaled.jpg"},{"@type":"BreadcrumbList","@id":"https:\/\/emmaricochastel.com\/index.php\/a-propos\/#breadcrumb","itemListElement":[{"@type":"ListItem","position":1,"name":"Accueil","item":"https:\/\/emmaricochastel.com\/"},{"@type":"ListItem","position":2,"name":"\u00c0 propos"}]},{"@type":"WebSite","@id":"https:\/\/emmaricochastel.com\/#website","url":"https:\/\/emmaricochastel.com\/","name":"Emma RICO CHASTEL","description":"Nature Peinture","publisher":{"@id":"https:\/\/emmaricochastel.com\/#organization"},"potentialAction":[{"@type":"SearchAction","target":{"@type":"EntryPoint","urlTemplate":"https:\/\/emmaricochastel.com\/?s={search_term_string}"},"query-input":{"@type":"PropertyValueSpecification","valueRequired":true,"valueName":"search_term_string"}}],"inLanguage":"fr-FR"},{"@type":"Organization","@id":"https:\/\/emmaricochastel.com\/#organization","name":"Emma RICO CHASTEL","url":"https:\/\/emmaricochastel.com\/","logo":{"@type":"ImageObject","inLanguage":"fr-FR","@id":"https:\/\/emmaricochastel.com\/#\/schema\/logo\/image\/","url":"https:\/\/emmaricochastel.com\/wp-content\/uploads\/2025\/02\/IMG_5054-scaled.jpeg","contentUrl":"https:\/\/emmaricochastel.com\/wp-content\/uploads\/2025\/02\/IMG_5054-scaled.jpeg","width":1920,"height":2560,"caption":"Emma RICO CHASTEL"},"image":{"@id":"https:\/\/emmaricochastel.com\/#\/schema\/logo\/image\/"},"sameAs":["https:\/\/www.instagram.com\/emma_ricochastel"]}]}},"_links":{"self":[{"href":"https:\/\/emmaricochastel.com\/index.php\/wp-json\/wp\/v2\/pages\/9","targetHints":{"allow":["GET"]}}],"collection":[{"href":"https:\/\/emmaricochastel.com\/index.php\/wp-json\/wp\/v2\/pages"}],"about":[{"href":"https:\/\/emmaricochastel.com\/index.php\/wp-json\/wp\/v2\/types\/page"}],"author":[{"embeddable":true,"href":"https:\/\/emmaricochastel.com\/index.php\/wp-json\/wp\/v2\/users\/1"}],"replies":[{"embeddable":true,"href":"https:\/\/emmaricochastel.com\/index.php\/wp-json\/wp\/v2\/comments?post=9"}],"version-history":[{"count":31,"href":"https:\/\/emmaricochastel.com\/index.php\/wp-json\/wp\/v2\/pages\/9\/revisions"}],"predecessor-version":[{"id":590,"href":"https:\/\/emmaricochastel.com\/index.php\/wp-json\/wp\/v2\/pages\/9\/revisions\/590"}],"wp:attachment":[{"href":"https:\/\/emmaricochastel.com\/index.php\/wp-json\/wp\/v2\/media?parent=9"}],"curies":[{"name":"wp","href":"https:\/\/api.w.org\/{rel}","templated":true}]}}